{"id":3,"date":"2022-09-27T14:10:43","date_gmt":"2022-09-27T14:10:43","guid":{"rendered":"https:\/\/ingenia-aragon.es\/clientes\/maestro\/?page_id=3"},"modified":"2025-05-30T14:58:07","modified_gmt":"2025-05-30T14:58:07","slug":"politica-privacidad","status":"publish","type":"page","link":"https:\/\/ingenia-aragon.es\/clientes\/maestro\/politica-privacidad\/","title":{"rendered":"Pol\u00edtica de privacidad"},"content":{"rendered":"\n<p>Datos del propietario de la web:<\/p>\n\n\n\n<figure class=\"wp-block-table\"><table class=\"has-fixed-layout\"><tbody><tr><td><strong>RAZ\u00d3N<\/strong><strong>SOCIAL<\/strong><\/td><td>COLECTIVIDADES M.MAESTRO SL<\/td><\/tr><tr><td><strong>NIF<\/strong><\/td><td>B83269241<\/td><\/tr><tr><td><strong>DOMINIO<\/strong><\/td><td>https:\/\/<a href=\"http:\/\/www.grupomaestro.es\/\">www.grupomaestro.es\/<\/a><\/td><\/tr><tr><td><strong>DIRECCI\u00d3N<\/strong><strong>POSTAL<\/strong><\/td><td>JUAN DE LA CIERVA 21,28939 ARROYOMOLINOS(MADRID)<\/td><\/tr><tr><td><strong>DIRECCI\u00d3N<\/strong><strong>ELECTR\u00d3NICA<\/strong><\/td><td><a href=\"mailto:info@grupomaestro.es\">info@grupomaestro.es<\/a><\/td><\/tr><tr><td><strong>TEL\u00c9FONOS<\/strong><\/td><td>916686506<\/td><\/tr><tr><td><strong>N\u00ba<\/strong><strong>REGISTRO\/<\/strong><strong>DATOS <\/strong><strong>ADICIONALES<\/strong><\/td><td><br><\/td><\/tr><\/tbody><\/table><\/figure>\n\n\n\n<p><strong>Protecci\u00f3n<\/strong><strong>de<\/strong><strong>datos<\/strong><\/p>\n\n\n\n<p>De conformidad con la normativa vigente y aplicable en protecci\u00f3n de datos de car\u00e1cter personal, le informamos que sus datos ser\u00e1n incorporados al sistema de tratamiento titularidad de COLECTIVIDADES M.MAESTRO SL con NIF B83269241 y domicilio social sito en JUAN DE LA CIERVA 21,28939 ARROYOMOLINOS(MADRID). A continuaci\u00f3n, se facilita la informaci\u00f3n de los tratamientos realizados:<\/p>\n\n\n\n<figure class=\"wp-block-table\"><table class=\"has-fixed-layout\"><tbody><tr><td colspan=\"2\"><strong>TRATAMIENTOS<\/strong><strong>REALIZADOS<\/strong><\/td><\/tr><tr><td><br><br>Acciones comerciales formulario web<\/td><td><strong>Finalidad: <\/strong>Captaci\u00f3n, registro y tratamiento de datos con finalidades de atender sus consultas y\/o solicitudes, as\u00ed como de publicidad y prospecci\u00f3n comercial. <strong>Plazo<\/strong><strong>de<\/strong><strong>conservaci\u00f3n:<\/strong>mientras se mantenga el consentimiento prestado, salvo obligaci\u00f3n legal. <strong>Base<\/strong><strong>leg\u00edtima:<\/strong>El consentimiento del interesado. <strong>Tipolog\u00eda<\/strong><strong>de<\/strong><strong>Datos:<\/strong> <strong>Datos<\/strong><strong>b\u00e1sicos:<\/strong>Nombre y apellidos, Direcci\u00f3n electr\u00f3nica<\/td><\/tr><tr><td><br><br>Gesti\u00f3n usuarios web<\/td><td><strong>Finalidad:<\/strong>Captaci\u00f3n, registro y tratamiento de datos del usuario. <strong>Plazo<\/strong><strong>de<\/strong><strong>conservaci\u00f3n:<\/strong>mientras se mantenga el consentimiento prestado, salvo obligaci\u00f3n legal. <strong>Base<\/strong><strong>leg\u00edtima:<\/strong>El consentimiento del interesado. <strong>Tipolog\u00eda<\/strong><strong>de<\/strong><strong>Datos:<\/strong> <strong>Datos<\/strong><strong>b\u00e1sicos:<\/strong>Nombre y apellidos, Direcci\u00f3n electr\u00f3nica<\/td><\/tr><tr><td><br><br>Newsletter<\/td><td><strong>Finalidad:<\/strong>Gesti\u00f3n de la suscripci\u00f3n a la newsletter, para realizar los env\u00edos correspondientes. <strong>Plazo<\/strong><strong>de<\/strong><strong>conservaci\u00f3n:<\/strong>mientras se mantenga el consentimiento prestado. <strong>Base<\/strong><strong>leg\u00edtima:<\/strong>El consentimiento del interesado. <strong>Tipolog\u00eda<\/strong><strong>de<\/strong><strong>Datos:<\/strong> <strong>Datos<\/strong><strong>b\u00e1sicos:<\/strong>Nombre y apellidos, Direcci\u00f3n electr\u00f3nica<\/td><\/tr><tr><td><br><br>Instalaci\u00f3n de cookies<\/td><td><strong>Finalidad:<\/strong>Gesti\u00f3n e instalaci\u00f3n de las cookies. <strong>Plazo<\/strong><strong>de<\/strong><strong>conservaci\u00f3n:<\/strong>mientras se mantenga el consentimiento prestado. <strong>Base<\/strong><strong>leg\u00edtima:<\/strong>El consentimiento del interesado. <strong>Tipolog\u00eda<\/strong><strong>de<\/strong><strong>Datos:<\/strong> <strong>Datos<\/strong><strong>b\u00e1sicos:<\/strong>Direcci\u00f3n electr\u00f3nica, Direcci\u00f3n IP<\/td><\/tr><tr><td>Gesti\u00f3n Formulario web<\/td><td><strong>Finalidad:<\/strong>Atender sus consultas y\/o solicitudes. <strong>Plazo<\/strong><strong>de<\/strong><strong>conservaci\u00f3n:<\/strong>mientras se mantenga el consentimiento prestado.<\/td><\/tr><\/tbody><\/table><\/figure>\n\n\n\n<figure class=\"wp-block-table\"><table class=\"has-fixed-layout\"><tbody><tr><td><br><\/td><td><strong>Base<\/strong><strong>leg\u00edtima:<\/strong>El consentimiento del interesado. <strong>Tipolog\u00eda<\/strong><strong>de<\/strong><strong>Datos:<\/strong> <strong>Datos<\/strong><strong>b\u00e1sicos:<\/strong>Nombre y apellidos, Direcci\u00f3n electr\u00f3nica, Direcci\u00f3n IP<\/td><\/tr><tr><td><br><\/td><td><br><\/td><\/tr><\/tbody><\/table><\/figure>\n\n\n\n<h2 class=\"wp-block-heading\">Derechos de los interesados<\/h2>\n\n\n\n<p>COLECTIVIDADES M.MAESTRO SL informa a los Usuarios que, podr\u00e1 ejercer los derechos de acceso, rectificaci\u00f3n, limitaci\u00f3n, supresi\u00f3n, portabilidad, oposici\u00f3n al tratamiento de sus datos de car\u00e1cter personal y el derecho a no ser objeto de decisiones automatizadas, incluida la elaboraci\u00f3n de perfiles, ante el Responsable del Tratamiento, as\u00ed como a la retirada del consentimiento prestado.<\/p>\n\n\n\n<p><img decoding=\"async\" src=\"\" width=\"6\" height=\"6\"> <strong>Derecho de Acceso: <\/strong>Es el derecho del usuario a obtener confirmaci\u00f3n sobre si se est\u00e1n tratando sus datos y, en tal caso, los concretos datos personales tratados y la informaci\u00f3n legal del tratamiento (finalidades, base legitimadora, plazos de conservaci\u00f3n, cesiones, origen de los datos, etc.).<\/p>\n\n\n\n<p><img decoding=\"async\" src=\"\" width=\"6\" height=\"6\"> <strong>Derecho de Rectificaci\u00f3n: <\/strong>Es el derecho del afectado a que se modifiquen los datos que resulten ser inexactos o incompletos. En relaci\u00f3n a la p\u00e1gina web, s\u00f3lo podr\u00e1 satisfacerse en relaci\u00f3n a aquella informaci\u00f3n que se encuentre bajo el control del sitio web, por ejemplo, eliminar comentarios publicados en la propia p\u00e1gina, im\u00e1genes o contenidos web donde consten datos de car\u00e1cter personal del usuario.<\/p>\n\n\n\n<p><img decoding=\"async\" src=\"\" width=\"6\" height=\"6\"> <strong>Derecho<\/strong><strong>a<\/strong><strong>la<\/strong><strong>Limitaci\u00f3n de<\/strong><strong>tratamiento: <\/strong>Es el derecho a que se limiten los fines del tratamiento previstos de forma original por el responsable del tratamiento en determinados supuestos.<\/p>\n\n\n\n<p><img decoding=\"async\" src=\"\" width=\"6\" height=\"6\"> <strong>Derecho de Supresi\u00f3n: <\/strong>Es el derecho a suprimir los datos de car\u00e1cter personal del usuario, a excepci\u00f3n de lo previsto en el propio RGPD (libertad de expresi\u00f3n e informaci\u00f3n, obligaciones de conservaci\u00f3n, formulaci\u00f3n, ejercicio o defensa de reclamaciones, etc.).<\/p>\n\n\n\n<p><img decoding=\"async\" src=\"\" width=\"6\" height=\"6\"> <strong>Derecho a la Portabilidad: <\/strong>El derecho a recibir los datos personales que el usuario haya facilitado, en un formato estructurado, de uso com\u00fan y lectura mec\u00e1nica, y a transmitirlos a otro responsable cuando el tratamiento est\u00e1 basado en el consentimiento o en la ejecuci\u00f3n de un contrato y se efect\u00fae por medios automatizados.<\/p>\n\n\n\n<p><img decoding=\"async\" src=\"\" width=\"6\" height=\"6\"> <strong>Derecho<\/strong><strong>de<\/strong><strong>Oposici\u00f3n: <\/strong>Es el derecho del usuario a que no se lleve a cabo el tratamiento de sus datos de car\u00e1cter personal o se cese el tratamiento de los mismos por parte del sitio web cuando el tratamiento est\u00e9 basado en el inter\u00e9s leg\u00edtimo o el inter\u00e9s p\u00fablico o cuando se trate de tratamientos de mercadotecnia directa.<\/p>\n\n\n\n<p><img decoding=\"async\" src=\"\" width=\"6\" height=\"6\"> <strong>Derecho a no ser objeto de decisiones automatizadas, incluida la elaboraci\u00f3n de perfiles: <\/strong>Cuando el tratamiento no es necesario para la celebraci\u00f3n o ejecuci\u00f3n de un contrato, ni est\u00e1 autorizada por el Derecho de la Uni\u00f3n Europea o de los Estados miembros ni se basa en el consentimiento, tiene derecho a no ser objeto de una decisi\u00f3n basada \u00fanicamente en el tratamiento automatizado, incluida la elaboraci\u00f3n de perfiles, que produzca efectos jur\u00eddicos o le afecte significativamente de modo similar.<\/p>\n\n\n\n<p><img decoding=\"async\" src=\"\" width=\"6\" height=\"6\"> <strong>Derecho a retirar el consentimiento: <\/strong>Para cualquier tratamiento basado en su consentimiento, tiene derecho a retirarlo, en cualquier momento y de manera gratuita.<\/p>\n\n\n\n<p>Para ejercer cualquiera de los derechos en materia de protecci\u00f3n de datos descritos anteriormente deber\u00e1 seguir las siguientes indicaciones:<\/p>\n\n\n\n<p>Presentaci\u00f3n de un escrito a la direcci\u00f3n JUAN DE LA CIERVA 21,28939 ARROYOMOLINOS(MADRID) (a la atenci\u00f3n de COLECTIVIDADES M.MAESTRO SL) o bien a<\/p>\n\n\n\n<p>trav\u00e9s de correo electr\u00f3nico a por correo electr\u00f3nico a <a href=\"mailto:info@grupomaestro.es\">info@grupomaestro.es<\/a> .<\/p>\n\n\n\n<p><img decoding=\"async\" src=\"\" width=\"6\" height=\"6\"> El escrito remitido por el titular de los datos personales (interesado\/a) que solicite el ejercicio de derechos deber\u00e1 tener en cuenta lo siguiente:<\/p>\n\n\n\n<ul class=\"wp-block-list\">\n<li>Deber\u00e1 identificarse fehacientemente y, en el caso de que concurran dudas sobre la identidad del solicitante, se le solicitar\u00e1 que subsane la petici\u00f3n (p. ej. solicitando m\u00e1s informaci\u00f3n, como el n\u00famero de DNI, el documento del DNI, el correo electr\u00f3nico que aport\u00f3, etc.)<\/li>\n<\/ul>\n\n\n\n<ul class=\"wp-block-list\">\n<li>La solicitud puede realizarla el representante, legal o voluntario, cuando \u00e9ste est\u00e9 debidamente identificado y autorizado por el titular de los datos (mediante una autorizaci\u00f3n expresa del titular para ejercer los derechos personal\u00edsimos regulados en la normativa en materia de protecci\u00f3n de datos personales).<\/li>\n<\/ul>\n\n\n\n<ul class=\"wp-block-list\">\n<li>Petici\u00f3n en que se concreta la solicitud (Derecho\/s que se pretende\/n ejercer). Si no hace referencia a un tratamiento concreto se le facilitar\u00e1 respuesta en relaci\u00f3n a todos los tratamientos que afectan a sus datos de car\u00e1cter personal. Si solicita informaci\u00f3n de un tratamiento en concreto, s\u00f3lo la informaci\u00f3n de \u00e9ste. Si lo solicita por tel\u00e9fono se le indicar\u00e1 que lo haga por escrito y se le informar\u00e1 de c\u00f3mo lo puede hacer y la direcci\u00f3n a la que tiene que enviarlo. Nunca se le dar\u00e1 informaci\u00f3n por tel\u00e9fono.<\/li>\n<\/ul>\n\n\n\n<ul class=\"wp-block-list\">\n<li>Direcci\u00f3n postal o electr\u00f3nica a efectos de notificaciones.<\/li>\n<\/ul>\n\n\n\n<ul class=\"wp-block-list\">\n<li>Documentos acreditativos de la petici\u00f3n que formula, en caso de que sean necesarios.<\/li>\n<\/ul>\n\n\n\n<ul class=\"wp-block-list\">\n<li>La persona solicitante debe utilizar cualquier medio que permita acreditar el env\u00edo y la recepci\u00f3n de la solicitud.<\/li>\n<\/ul>\n\n\n\n<p>Por \u00faltimo, le informamos que tiene derecho a presentar una reclamaci\u00f3n ante la Agencia Espa\u00f1ola de Protecci\u00f3n de Datos en caso de que tenga conocimiento o considere que un hecho pueda suponer un incumplimiento de la normativa aplicable en materia de protecci\u00f3n de datos.<\/p>\n\n\n\n<p>COLECTIVIDADES M.MAESTRO SL se compromete a adoptar las medidas t\u00e9cnicas y organizativas necesarias, acorde al nivel de riesgos que acompa\u00f1an los tratamientos realizados por \u00e9stas e indicados en este mismo apartado, de forma que garanticen su integridad, confidencialidad y disponibilidad.<\/p>\n\n\n\n<p><strong>\u00daltima<\/strong><strong>actualizaci\u00f3n:<\/strong>9 de abril de 2025<\/p>\n","protected":false},"excerpt":{"rendered":"<p>Datos del propietario de la web: RAZ\u00d3NSOCIAL COLECTIVIDADES M.MAESTRO SL NIF B83269241 DOMINIO https:\/\/www.grupomaestro.es\/ DIRECCI\u00d3NPOSTAL JUAN DE LA CIERVA 21,28939 [&hellip;]<\/p>\n","protected":false},"author":1,"featured_media":0,"parent":0,"menu_order":0,"comment_status":"closed","ping_status":"closed","template":"","meta":{"_eb_attr":"","site-sidebar-layout":"default","site-content-layout":"","ast-site-content-layout":"","site-content-style":"default","site-sidebar-style":"default","ast-global-header-display":"","ast-banner-title-visibility":"","ast-main-header-display":"","ast-hfb-above-header-display":"","ast-hfb-below-header-display":"","ast-hfb-mobile-header-display":"","site-post-title":"","ast-breadcrumbs-content":"","ast-featured-img":"","footer-sml-layout":"","theme-transparent-header-meta":"","adv-header-id-meta":"","stick-header-meta":"","header-above-stick-meta":"","header-main-stick-meta":"","header-below-stick-meta":"","astra-migrate-meta-layouts":"default","ast-page-background-enabled":"default","ast-page-background-meta":{"desktop":{"background-color":"var(--ast-global-color-4)","background-image":"","background-repeat":"repeat","background-position":"center center","background-size":"auto","background-attachment":"scroll","background-type":"","background-media":"","overlay-type":"","overlay-color":"","overlay-opacity":"","overlay-gradient":""},"tablet":{"background-color":"","background-image":"","background-repeat":"repeat","background-position":"center center","background-size":"auto","background-attachment":"scroll","background-type":"","background-media":"","overlay-type":"","overlay-color":"","overlay-opacity":"","overlay-gradient":""},"mobile":{"background-color":"","background-image":"","background-repeat":"repeat","background-position":"center center","background-size":"auto","background-attachment":"scroll","background-type":"","background-media":"","overlay-type":"","overlay-color":"","overlay-opacity":"","overlay-gradient":""}},"ast-content-background-meta":{"desktop":{"background-color":"var(--ast-global-color-5)","background-image":"","background-repeat":"repeat","background-position":"center center","background-size":"auto","background-attachment":"scroll","background-type":"","background-media":"","overlay-type":"","overlay-color":"","overlay-opacity":"","overlay-gradient":""},"tablet":{"background-color":"var(--ast-global-color-5)","background-image":"","background-repeat":"repeat","background-position":"center center","background-size":"auto","background-attachment":"scroll","background-type":"","background-media":"","overlay-type":"","overlay-color":"","overlay-opacity":"","overlay-gradient":""},"mobile":{"background-color":"var(--ast-global-color-5)","background-image":"","background-repeat":"repeat","background-position":"center center","background-size":"auto","background-attachment":"scroll","background-type":"","background-media":"","overlay-type":"","overlay-color":"","overlay-opacity":"","overlay-gradient":""}},"footnotes":""},"class_list":["post-3","page","type-page","status-publish","hentry"],"yoast_head":"<!-- This site is optimized with the Yoast SEO plugin v25.8 - https:\/\/yoast.com\/wordpress\/plugins\/seo\/ -->\n<title>Pol\u00edtica de privacidad - Grupo Maestro<\/title>\n<meta name=\"robots\" content=\"noindex, follow, max-snippet:-1, max-image-preview:large, max-video-preview:-1\" \/>\n<meta property=\"og:locale\" content=\"es_ES\" \/>\n<meta property=\"og:type\" content=\"article\" \/>\n<meta property=\"og:title\" content=\"Pol\u00edtica de privacidad - Grupo Maestro\" \/>\n<meta property=\"og:description\" content=\"Datos del propietario de la web: RAZ\u00d3NSOCIAL COLECTIVIDADES M.MAESTRO SL NIF B83269241 DOMINIO https:\/\/www.grupomaestro.es\/ DIRECCI\u00d3NPOSTAL JUAN DE LA CIERVA 21,28939 [&hellip;]\" \/>\n<meta property=\"og:url\" content=\"https:\/\/ingenia-aragon.es\/clientes\/maestro\/politica-privacidad\/\" \/>\n<meta property=\"og:site_name\" content=\"Grupo Maestro\" \/>\n<meta property=\"article:modified_time\" content=\"2025-05-30T14:58:07+00:00\" \/>\n<meta name=\"twitter:card\" content=\"summary_large_image\" \/>\n<meta name=\"twitter:label1\" content=\"Tiempo de lectura\" \/>\n\t<meta name=\"twitter:data1\" content=\"7 minutos\" \/>\n<script type=\"application\/ld+json\" class=\"yoast-schema-graph\">{\"@context\":\"https:\/\/schema.org\",\"@graph\":[{\"@type\":\"WebPage\",\"@id\":\"https:\/\/ingenia-aragon.es\/clientes\/maestro\/politica-privacidad\/\",\"url\":\"https:\/\/ingenia-aragon.es\/clientes\/maestro\/politica-privacidad\/\",\"name\":\"Pol\u00edtica de privacidad - Grupo Maestro\",\"isPartOf\":{\"@id\":\"https:\/\/ingenia-aragon.es\/clientes\/maestro\/#website\"},\"datePublished\":\"2022-09-27T14:10:43+00:00\",\"dateModified\":\"2025-05-30T14:58:07+00:00\",\"breadcrumb\":{\"@id\":\"https:\/\/ingenia-aragon.es\/clientes\/maestro\/politica-privacidad\/#breadcrumb\"},\"inLanguage\":\"es\",\"potentialAction\":[{\"@type\":\"ReadAction\",\"target\":[\"https:\/\/ingenia-aragon.es\/clientes\/maestro\/politica-privacidad\/\"]}]},{\"@type\":\"BreadcrumbList\",\"@id\":\"https:\/\/ingenia-aragon.es\/clientes\/maestro\/politica-privacidad\/#breadcrumb\",\"itemListElement\":[{\"@type\":\"ListItem\",\"position\":1,\"name\":\"Portada\",\"item\":\"https:\/\/ingenia-aragon.es\/clientes\/maestro\/\"},{\"@type\":\"ListItem\",\"position\":2,\"name\":\"Pol\u00edtica de privacidad\"}]},{\"@type\":\"WebSite\",\"@id\":\"https:\/\/ingenia-aragon.es\/clientes\/maestro\/#website\",\"url\":\"https:\/\/ingenia-aragon.es\/clientes\/maestro\/\",\"name\":\"Grupo Maestro\",\"description\":\"\",\"publisher\":{\"@id\":\"https:\/\/ingenia-aragon.es\/clientes\/maestro\/#organization\"},\"potentialAction\":[{\"@type\":\"SearchAction\",\"target\":{\"@type\":\"EntryPoint\",\"urlTemplate\":\"https:\/\/ingenia-aragon.es\/clientes\/maestro\/?s={search_term_string}\"},\"query-input\":{\"@type\":\"PropertyValueSpecification\",\"valueRequired\":true,\"valueName\":\"search_term_string\"}}],\"inLanguage\":\"es\"},{\"@type\":\"Organization\",\"@id\":\"https:\/\/ingenia-aragon.es\/clientes\/maestro\/#organization\",\"name\":\"Grupo Maestro\",\"url\":\"https:\/\/ingenia-aragon.es\/clientes\/maestro\/\",\"logo\":{\"@type\":\"ImageObject\",\"inLanguage\":\"es\",\"@id\":\"https:\/\/ingenia-aragon.es\/clientes\/maestro\/#\/schema\/logo\/image\/\",\"url\":\"https:\/\/ingenia-aragon.es\/clientes\/maestro\/wp-content\/uploads\/2025\/05\/logo-maestro.png\",\"contentUrl\":\"https:\/\/ingenia-aragon.es\/clientes\/maestro\/wp-content\/uploads\/2025\/05\/logo-maestro.png\",\"width\":255,\"height\":101,\"caption\":\"Grupo Maestro\"},\"image\":{\"@id\":\"https:\/\/ingenia-aragon.es\/clientes\/maestro\/#\/schema\/logo\/image\/\"}}]}<\/script>\n<!-- \/ Yoast SEO plugin. -->","yoast_head_json":{"title":"Pol\u00edtica de privacidad - Grupo Maestro","robots":{"index":"noindex","follow":"follow","max-snippet":"max-snippet:-1","max-image-preview":"max-image-preview:large","max-video-preview":"max-video-preview:-1"},"og_locale":"es_ES","og_type":"article","og_title":"Pol\u00edtica de privacidad - Grupo Maestro","og_description":"Datos del propietario de la web: RAZ\u00d3NSOCIAL COLECTIVIDADES M.MAESTRO SL NIF B83269241 DOMINIO https:\/\/www.grupomaestro.es\/ DIRECCI\u00d3NPOSTAL JUAN DE LA CIERVA 21,28939 [&hellip;]","og_url":"https:\/\/ingenia-aragon.es\/clientes\/maestro\/politica-privacidad\/","og_site_name":"Grupo Maestro","article_modified_time":"2025-05-30T14:58:07+00:00","twitter_card":"summary_large_image","twitter_misc":{"Tiempo de lectura":"7 minutos"},"schema":{"@context":"https:\/\/schema.org","@graph":[{"@type":"WebPage","@id":"https:\/\/ingenia-aragon.es\/clientes\/maestro\/politica-privacidad\/","url":"https:\/\/ingenia-aragon.es\/clientes\/maestro\/politica-privacidad\/","name":"Pol\u00edtica de privacidad - Grupo Maestro","isPartOf":{"@id":"https:\/\/ingenia-aragon.es\/clientes\/maestro\/#website"},"datePublished":"2022-09-27T14:10:43+00:00","dateModified":"2025-05-30T14:58:07+00:00","breadcrumb":{"@id":"https:\/\/ingenia-aragon.es\/clientes\/maestro\/politica-privacidad\/#breadcrumb"},"inLanguage":"es","potentialAction":[{"@type":"ReadAction","target":["https:\/\/ingenia-aragon.es\/clientes\/maestro\/politica-privacidad\/"]}]},{"@type":"BreadcrumbList","@id":"https:\/\/ingenia-aragon.es\/clientes\/maestro\/politica-privacidad\/#breadcrumb","itemListElement":[{"@type":"ListItem","position":1,"name":"Portada","item":"https:\/\/ingenia-aragon.es\/clientes\/maestro\/"},{"@type":"ListItem","position":2,"name":"Pol\u00edtica de privacidad"}]},{"@type":"WebSite","@id":"https:\/\/ingenia-aragon.es\/clientes\/maestro\/#website","url":"https:\/\/ingenia-aragon.es\/clientes\/maestro\/","name":"Grupo Maestro","description":"","publisher":{"@id":"https:\/\/ingenia-aragon.es\/clientes\/maestro\/#organization"},"potentialAction":[{"@type":"SearchAction","target":{"@type":"EntryPoint","urlTemplate":"https:\/\/ingenia-aragon.es\/clientes\/maestro\/?s={search_term_string}"},"query-input":{"@type":"PropertyValueSpecification","valueRequired":true,"valueName":"search_term_string"}}],"inLanguage":"es"},{"@type":"Organization","@id":"https:\/\/ingenia-aragon.es\/clientes\/maestro\/#organization","name":"Grupo Maestro","url":"https:\/\/ingenia-aragon.es\/clientes\/maestro\/","logo":{"@type":"ImageObject","inLanguage":"es","@id":"https:\/\/ingenia-aragon.es\/clientes\/maestro\/#\/schema\/logo\/image\/","url":"https:\/\/ingenia-aragon.es\/clientes\/maestro\/wp-content\/uploads\/2025\/05\/logo-maestro.png","contentUrl":"https:\/\/ingenia-aragon.es\/clientes\/maestro\/wp-content\/uploads\/2025\/05\/logo-maestro.png","width":255,"height":101,"caption":"Grupo Maestro"},"image":{"@id":"https:\/\/ingenia-aragon.es\/clientes\/maestro\/#\/schema\/logo\/image\/"}}]}},"_links":{"self":[{"href":"https:\/\/ingenia-aragon.es\/clientes\/maestro\/wp-json\/wp\/v2\/pages\/3","targetHints":{"allow":["GET"]}}],"collection":[{"href":"https:\/\/ingenia-aragon.es\/clientes\/maestro\/wp-json\/wp\/v2\/pages"}],"about":[{"href":"https:\/\/ingenia-aragon.es\/clientes\/maestro\/wp-json\/wp\/v2\/types\/page"}],"author":[{"embeddable":true,"href":"https:\/\/ingenia-aragon.es\/clientes\/maestro\/wp-json\/wp\/v2\/users\/1"}],"replies":[{"embeddable":true,"href":"https:\/\/ingenia-aragon.es\/clientes\/maestro\/wp-json\/wp\/v2\/comments?post=3"}],"version-history":[{"count":3,"href":"https:\/\/ingenia-aragon.es\/clientes\/maestro\/wp-json\/wp\/v2\/pages\/3\/revisions"}],"predecessor-version":[{"id":7917,"href":"https:\/\/ingenia-aragon.es\/clientes\/maestro\/wp-json\/wp\/v2\/pages\/3\/revisions\/7917"}],"wp:attachment":[{"href":"https:\/\/ingenia-aragon.es\/clientes\/maestro\/wp-json\/wp\/v2\/media?parent=3"}],"curies":[{"name":"wp","href":"https:\/\/api.w.org\/{rel}","templated":true}]}}